{"id":2051,"date":"2016-05-06T09:40:34","date_gmt":"2016-05-06T07:40:34","guid":{"rendered":"http:\/\/novalimglutenfree.com\/obchod\/promix-pk-special\/"},"modified":"2025-10-10T16:26:05","modified_gmt":"2025-10-10T14:26:05","slug":"promix-pk-special-glutenmentes-suetemeny-lisztkeverek","status":"publish","type":"product","link":"https:\/\/www.novalimglutenfree.com\/hu\/obchod\/liszt-hu\/glutenmentes-lisztkeverekek-hu\/promix-pk-special-glutenmentes-suetemeny-lisztkeverek\/","title":{"rendered":"PROMIX  PK-Special, glut\u00e9nmentes s\u00fctem\u00e9ny lisztkever\u00e9k"},"content":{"rendered":"<div id=\"Layer5\" class=\"bodystyle\">\n<div id=\"Layer5\" class=\"bodystyle\">\n<div id=\"Layer5\" class=\"bodystyle\">\n<div id=\"Layer5\" class=\"bodystyle\">\n<div id=\"Layer5\" class=\"bodystyle\">\n<div id=\"Layer5\" class=\"bodystyle\"><strong>PROMIX \u00ae PK-\u0161peci\u00e1l-<\/strong> glut\u00e9nmentes liszt kever\u00e9k k\u00e9sz\u00fclt term\u00e9szetesen glut\u00e9nmentes \u00e9s b\u00fazamentes alapanyagokb\u00f3l. A c\u00e9lja, hogy felk\u00e9sz\u00edtse a glut\u00e9nmentes s\u00fctem\u00e9nyek, tort\u00e1k, kekszek \u00e9s kenyeret, \u00e9s a norm\u00e1l kulin\u00e1ris haszn\u00e1lat &#8211; a r\u00e1nt\u00e1s k\u00e9sz\u00edt\u00e9sere\u00a0 \u00e9s \u00e9telek bes\u00fcr\u00edt\u00e9s\u00e9re.<\/p>\n<p><strong>INGYENES: tej, lakt\u00f3z, sz\u00f3ja, b\u00faza kem\u00e9ny\u00edt\u0151, r\u00e9pacukor<\/strong><br \/><strong>Meg\u0151rzi frissess\u00e9g term\u00e9kek az kezel\u00e9s\u00e9vel 4-5 nap <\/strong><\/p>\n<p>Csomagol\u00e1s: 1 kg<\/p>\n<\/div>\n<\/div>\n<\/div>\n<\/div>\n<\/div>\n<\/div>\n<p>\u00a0<\/p>\n<p><strong>INFORM\u00c1CI\u00d3K A TERM\u00c9KR\u0150L:<\/strong><\/p>\n<div id=\"Layer1\" class=\"bodystyle\">\n<div id=\"Layer1\" class=\"bodystyle\">\n<div id=\"Layer1\" class=\"bodystyle\">\n<div id=\"Layer1\" class=\"bodystyle\">\n<div id=\"Layer1\" class=\"bodystyle\">\n<div id=\"Layer1\" class=\"bodystyle\">\n<div id=\"Layer1\" class=\"bodystyle\">\n<div id=\"Layer1\" class=\"bodystyle\">\n<div id=\"Layer1\" class=\"bodystyle\"><strong>Hozz\u00e1val\u00f3k:<\/strong><br \/> kukoricakem\u00e9ny\u00edt\u0151, rizsliszt, csillagf\u00fcrt liszt, m\u00f3dos\u00edtott kukoricakem\u00e9ny\u00edt\u0151, s\u0171r\u00edt\u0151: guar liszt \u00e9s E461, n\u00f6v\u00e9nyi rostok, emulge\u00e1l\u00f3szer E481.<\/p>\n<p><strong>100 g<\/strong><strong> term\u00e9k \u00e1tlagosan tartalmaz:<\/strong><\/p>\n<p>3,4 g feh\u00e9rje, 84,5 g sz\u00e9nhidr\u00e1tot, 1,3 gramm zs\u00edrt.<\/p>\n<p><strong>Energia:<\/strong> 1542 kJ\/100g; 363 kcal\/100g<\/p>\n<\/div>\n<\/div>\n<\/div>\n<\/div>\n<\/div>\n<\/div>\n<\/div>\n<\/div>\n<\/div>\n","protected":false},"excerpt":{"rendered":"<p>glut\u00e9nmentes liszt kever\u00e9k k\u00e9sz\u00fclt term\u00e9szetesen glut\u00e9nmentes \u00e9s b\u00fazamentes alapanyagokb\u00f3l. A c\u00e9lja, hogy felk\u00e9sz\u00edtse a glut\u00e9nmentes s\u00fctem\u00e9nyek, tort\u00e1k, kekszek \u00e9s kenyeret, \u00e9s a norm\u00e1l kulin\u00e1ris haszn\u00e1lat &#8211; a r\u00e1nt\u00e1s k\u00e9sz\u00edt\u00e9sere\u00a0 \u00e9s \u00e9telek bes\u00fcr\u00edt\u00e9s\u00e9re.\u00a0<\/p>\n","protected":false},"featured_media":9608,"comment_status":"closed","ping_status":"closed","template":"","meta":[],"yoast_head":"<!-- This site is optimized with the Yoast SEO plugin v15.7 - https:\/\/yoast.com\/wordpress\/plugins\/seo\/ -->\n<title>PROMIX PK-Special, glut\u00e9nmentes s\u00fctem\u00e9ny lisztkever\u00e9k - Novalim<\/title>\n<meta name=\"robots\" content=\"index, follow, max-snippet:-1, max-image-preview:large, max-video-preview:-1\" \/>\n<link rel=\"canonical\" href=\"https:\/\/www.novalimglutenfree.com\/hu\/obchod\/liszt-hu\/glutenmentes-lisztkeverekek-hu\/promix-pk-special-glutenmentes-suetemeny-lisztkeverek\/\" \/>\n<meta property=\"og:locale\" content=\"hu_HU\" \/>\n<meta property=\"og:type\" content=\"article\" \/>\n<meta property=\"og:title\" content=\"PROMIX PK-Special, glut\u00e9nmentes s\u00fctem\u00e9ny lisztkever\u00e9k - Novalim\" \/>\n<meta property=\"og:description\" content=\"glut\u00e9nmentes liszt kever\u00e9k k\u00e9sz\u00fclt term\u00e9szetesen glut\u00e9nmentes \u00e9s b\u00fazamentes alapanyagokb\u00f3l. A c\u00e9lja, hogy felk\u00e9sz\u00edtse a glut\u00e9nmentes s\u00fctem\u00e9nyek, tort\u00e1k, kekszek \u00e9s kenyeret, \u00e9s a norm\u00e1l kulin\u00e1ris haszn\u00e1lat - a r\u00e1nt\u00e1s k\u00e9sz\u00edt\u00e9sere\u00a0 \u00e9s \u00e9telek bes\u00fcr\u00edt\u00e9s\u00e9re.\u00a0\" \/>\n<meta property=\"og:url\" content=\"https:\/\/www.novalimglutenfree.com\/hu\/obchod\/liszt-hu\/glutenmentes-lisztkeverekek-hu\/promix-pk-special-glutenmentes-suetemeny-lisztkeverek\/\" \/>\n<meta property=\"og:site_name\" content=\"Novalim\" \/>\n<meta property=\"article:modified_time\" content=\"2025-10-10T14:26:05+00:00\" \/>\n<meta property=\"og:image\" content=\"https:\/\/www.novalimglutenfree.com\/wp-content\/uploads\/2016\/05\/PKspeci-scaled.jpg\" \/>\n\t<meta property=\"og:image:width\" content=\"1296\" \/>\n\t<meta property=\"og:image:height\" content=\"2560\" \/>\n<meta name=\"twitter:card\" content=\"summary\" \/>\n<meta name=\"twitter:label1\" content=\"Becs\u00fclt olvas\u00e1si id\u0151\">\n\t<meta name=\"twitter:data1\" content=\"1 perc\">\n<script type=\"application\/ld+json\" class=\"yoast-schema-graph\">{\"@context\":\"https:\/\/schema.org\",\"@graph\":[{\"@type\":\"WebSite\",\"@id\":\"https:\/\/www.novalimglutenfree.com\/de\/#website\",\"url\":\"https:\/\/www.novalimglutenfree.com\/de\/\",\"name\":\"Novalim\",\"description\":\"Bezlepkov\\u00e9 potraviny, bezlepkov\\u00e9 recepty, celiakia, PKU\",\"potentialAction\":[{\"@type\":\"SearchAction\",\"target\":\"https:\/\/www.novalimglutenfree.com\/de\/?s={search_term_string}\",\"query-input\":\"required name=search_term_string\"}],\"inLanguage\":\"hu\"},{\"@type\":\"ImageObject\",\"@id\":\"https:\/\/www.novalimglutenfree.com\/hu\/obchod\/liszt-hu\/glutenmentes-lisztkeverekek-hu\/promix-pk-special-glutenmentes-suetemeny-lisztkeverek\/#primaryimage\",\"inLanguage\":\"hu\",\"url\":\"https:\/\/www.novalimglutenfree.com\/wp-content\/uploads\/2016\/05\/PKspeci-scaled.jpg\",\"width\":1296,\"height\":2560},{\"@type\":\"WebPage\",\"@id\":\"https:\/\/www.novalimglutenfree.com\/hu\/obchod\/liszt-hu\/glutenmentes-lisztkeverekek-hu\/promix-pk-special-glutenmentes-suetemeny-lisztkeverek\/#webpage\",\"url\":\"https:\/\/www.novalimglutenfree.com\/hu\/obchod\/liszt-hu\/glutenmentes-lisztkeverekek-hu\/promix-pk-special-glutenmentes-suetemeny-lisztkeverek\/\",\"name\":\"PROMIX PK-Special, glut\\u00e9nmentes s\\u00fctem\\u00e9ny lisztkever\\u00e9k - Novalim\",\"isPartOf\":{\"@id\":\"https:\/\/www.novalimglutenfree.com\/de\/#website\"},\"primaryImageOfPage\":{\"@id\":\"https:\/\/www.novalimglutenfree.com\/hu\/obchod\/liszt-hu\/glutenmentes-lisztkeverekek-hu\/promix-pk-special-glutenmentes-suetemeny-lisztkeverek\/#primaryimage\"},\"datePublished\":\"2016-05-06T07:40:34+00:00\",\"dateModified\":\"2025-10-10T14:26:05+00:00\",\"inLanguage\":\"hu\",\"potentialAction\":[{\"@type\":\"ReadAction\",\"target\":[\"https:\/\/www.novalimglutenfree.com\/hu\/obchod\/liszt-hu\/glutenmentes-lisztkeverekek-hu\/promix-pk-special-glutenmentes-suetemeny-lisztkeverek\/\"]}]}]}<\/script>\n<!-- \/ Yoast SEO plugin. -->","_links":{"self":[{"href":"https:\/\/www.novalimglutenfree.com\/hu\/wp-json\/wp\/v2\/product\/2051"}],"collection":[{"href":"https:\/\/www.novalimglutenfree.com\/hu\/wp-json\/wp\/v2\/product"}],"about":[{"href":"https:\/\/www.novalimglutenfree.com\/hu\/wp-json\/wp\/v2\/types\/product"}],"replies":[{"embeddable":true,"href":"https:\/\/www.novalimglutenfree.com\/hu\/wp-json\/wp\/v2\/comments?post=2051"}],"version-history":[{"count":0,"href":"https:\/\/www.novalimglutenfree.com\/hu\/wp-json\/wp\/v2\/product\/2051\/revisions"}],"wp:featuredmedia":[{"embeddable":true,"href":"https:\/\/www.novalimglutenfree.com\/hu\/wp-json\/wp\/v2\/media\/9608"}],"wp:attachment":[{"href":"https:\/\/www.novalimglutenfree.com\/hu\/wp-json\/wp\/v2\/media?parent=2051"}],"curies":[{"name":"wp","href":"https:\/\/api.w.org\/{rel}","templated":true}]}}