{"id":2049,"date":"2016-05-06T09:40:34","date_gmt":"2016-05-06T07:40:34","guid":{"rendered":"http:\/\/novalimglutenfree.com\/obchod\/promix-ch-special\/"},"modified":"2025-10-10T16:26:05","modified_gmt":"2025-10-10T14:26:05","slug":"promix-ch-special-glutenmentes-kenyer-lisztkeverek","status":"publish","type":"product","link":"https:\/\/www.novalimglutenfree.com\/hu\/obchod\/liszt-hu\/glutenmentes-lisztkeverekek-hu\/promix-ch-special-glutenmentes-kenyer-lisztkeverek\/","title":{"rendered":"Promix  CH-Special, glut\u00e9nmentes keny\u00e9r lisztkever\u00e9k"},"content":{"rendered":"<p><span id=\"result_box\">Promix<\/span> \u00ae-CH Special &#8211; glut\u00e9nmentes liszt kever\u00e9k k\u00e9sz\u00fclt term\u00e9szetesen glut\u00e9n- \u00e9s b\u00fazamentes\u00a0 alapanyagok . C\u00e9lja, hogy felk\u00e9sz\u00edtse vil\u00e1gos nagyobb feh\u00e9rjetartalm\u00fa keny\u00e9r. M\u00e1r kever\u00e9k\u00e9t tartalmazza cukor \u00e9s 2 \/ 3 a maxim\u00e1lis mennyis\u00e9g\u0171 s\u00f3.<br \/> Kell hozz\u00e1 \u00e9leszt\u0151-\u00e9s zs\u00edr (olaj), v\u00edz \u00e9s s\u00f3 hozz\u00e1ad\u00e1s\u00e1val \u00edzl\u00e9s szerint (kb. 1 \/ 2 te\u00e1skan\u00e1l).<\/p>\n<p> INGYENES: tej, lakt\u00f3z, sz\u00f3ja, b\u00faza kem\u00e9ny\u00edt\u0151, r\u00e9pacukor<br \/> Meg\u0151rzi frissess\u00e9g term\u00e9kek az kezel\u00e9s\u00e9vel 4-5 nap<\/p>\n<p> Csomagol\u00e1s: 1 kg<\/p>\n<p> Term\u00e9k inform\u00e1ci\u00f3:<br \/> Hozz\u00e1val\u00f3k:<br \/> kukoricakem\u00e9ny\u00edt\u0151, burgonyakem\u00e9ny\u00edt\u0151, rizsliszt, dara a csillagf\u00fcrt, m\u00f3dos\u00edtott kukoricakem\u00e9ny\u00edt\u0151, sz\u0151l\u0151 cukor, burgonya liszt, s\u0171r\u00edt\u0151anyagok guar liszt \u00e9s E461, n\u00f6v\u00e9nyi rost, s\u00f3, emulge\u00e1l\u00f3szer E481.<\/p>\n<p> 100 g term\u00e9k tartalmaz \u00e1tlagban:<br \/> 3,7 g feh\u00e9rje, 82,5 g sz\u00e9nhidr\u00e1t \u00e9s 1,0 gramm zs\u00edrt.<\/p>\n<p> Energia:<br \/> KJ\/100g 1504; 354 kcal\/100g<\/p>\n","protected":false},"excerpt":{"rendered":"<p>\u00a0glut\u00e9nmentes liszt kever\u00e9k k\u00e9sz\u00fclt term\u00e9szetesen glut\u00e9n- \u00e9s b\u00fazamentes\u00a0 alapanyagok . C\u00e9lja, hogy felk\u00e9sz\u00edtse vil\u00e1gos nagyobb feh\u00e9rjetartalm\u00fa keny\u00e9r. M\u00e1r kever\u00e9k\u00e9t tartalmazza cukor \u00e9s 2 \/ 3 a maxim\u00e1lis mennyis\u00e9g\u0171 s\u00f3.<\/p>\n","protected":false},"featured_media":1038,"comment_status":"closed","ping_status":"closed","template":"","meta":[],"yoast_head":"<!-- This site is optimized with the Yoast SEO plugin v15.7 - https:\/\/yoast.com\/wordpress\/plugins\/seo\/ -->\n<title>Promix CH-Special, glut\u00e9nmentes keny\u00e9r lisztkever\u00e9k - Novalim<\/title>\n<meta name=\"robots\" content=\"index, follow, max-snippet:-1, max-image-preview:large, max-video-preview:-1\" \/>\n<link rel=\"canonical\" href=\"https:\/\/novalimglutenfree.com\/hu\/obchod\/liszt-hu\/glutenmentes-lisztkeverekek-hu\/promix-ch-special-glutenmentes-kenyer-lisztkeverek\/\" \/>\n<meta property=\"og:locale\" content=\"hu_HU\" \/>\n<meta property=\"og:type\" content=\"article\" \/>\n<meta property=\"og:title\" content=\"Promix CH-Special, glut\u00e9nmentes keny\u00e9r lisztkever\u00e9k - Novalim\" \/>\n<meta property=\"og:description\" content=\"\u00a0glut\u00e9nmentes liszt kever\u00e9k k\u00e9sz\u00fclt term\u00e9szetesen glut\u00e9n- \u00e9s b\u00fazamentes\u00a0 alapanyagok . C\u00e9lja, hogy felk\u00e9sz\u00edtse vil\u00e1gos nagyobb feh\u00e9rjetartalm\u00fa keny\u00e9r. M\u00e1r kever\u00e9k\u00e9t tartalmazza cukor \u00e9s 2 \/ 3 a maxim\u00e1lis mennyis\u00e9g\u0171 s\u00f3.\" \/>\n<meta property=\"og:url\" content=\"https:\/\/novalimglutenfree.com\/hu\/obchod\/liszt-hu\/glutenmentes-lisztkeverekek-hu\/promix-ch-special-glutenmentes-kenyer-lisztkeverek\/\" \/>\n<meta property=\"og:site_name\" content=\"Novalim\" \/>\n<meta property=\"article:modified_time\" content=\"2025-10-10T14:26:05+00:00\" \/>\n<meta property=\"og:image\" content=\"https:\/\/www.novalimglutenfree.com\/wp-content\/uploads\/2016\/05\/Promix_CH_Special.jpg\" \/>\n\t<meta property=\"og:image:width\" content=\"413\" \/>\n\t<meta property=\"og:image:height\" content=\"618\" \/>\n<meta name=\"twitter:card\" content=\"summary\" \/>\n<meta name=\"twitter:label1\" content=\"Becs\u00fclt olvas\u00e1si id\u0151\">\n\t<meta name=\"twitter:data1\" content=\"1 perc\">\n<script type=\"application\/ld+json\" class=\"yoast-schema-graph\">{\"@context\":\"https:\/\/schema.org\",\"@graph\":[{\"@type\":\"WebSite\",\"@id\":\"https:\/\/www.novalimglutenfree.com\/de\/#website\",\"url\":\"https:\/\/www.novalimglutenfree.com\/de\/\",\"name\":\"Novalim\",\"description\":\"Bezlepkov\\u00e9 potraviny, bezlepkov\\u00e9 recepty, celiakia, PKU\",\"potentialAction\":[{\"@type\":\"SearchAction\",\"target\":\"https:\/\/www.novalimglutenfree.com\/de\/?s={search_term_string}\",\"query-input\":\"required name=search_term_string\"}],\"inLanguage\":\"hu\"},{\"@type\":\"ImageObject\",\"@id\":\"https:\/\/novalimglutenfree.com\/hu\/obchod\/liszt-hu\/glutenmentes-lisztkeverekek-hu\/promix-ch-special-glutenmentes-kenyer-lisztkeverek\/#primaryimage\",\"inLanguage\":\"hu\",\"url\":\"https:\/\/www.novalimglutenfree.com\/wp-content\/uploads\/2016\/05\/Promix_CH_Special.jpg\",\"width\":413,\"height\":618},{\"@type\":\"WebPage\",\"@id\":\"https:\/\/novalimglutenfree.com\/hu\/obchod\/liszt-hu\/glutenmentes-lisztkeverekek-hu\/promix-ch-special-glutenmentes-kenyer-lisztkeverek\/#webpage\",\"url\":\"https:\/\/novalimglutenfree.com\/hu\/obchod\/liszt-hu\/glutenmentes-lisztkeverekek-hu\/promix-ch-special-glutenmentes-kenyer-lisztkeverek\/\",\"name\":\"Promix CH-Special, glut\\u00e9nmentes keny\\u00e9r lisztkever\\u00e9k - Novalim\",\"isPartOf\":{\"@id\":\"https:\/\/www.novalimglutenfree.com\/de\/#website\"},\"primaryImageOfPage\":{\"@id\":\"https:\/\/novalimglutenfree.com\/hu\/obchod\/liszt-hu\/glutenmentes-lisztkeverekek-hu\/promix-ch-special-glutenmentes-kenyer-lisztkeverek\/#primaryimage\"},\"datePublished\":\"2016-05-06T07:40:34+00:00\",\"dateModified\":\"2025-10-10T14:26:05+00:00\",\"inLanguage\":\"hu\",\"potentialAction\":[{\"@type\":\"ReadAction\",\"target\":[\"https:\/\/novalimglutenfree.com\/hu\/obchod\/liszt-hu\/glutenmentes-lisztkeverekek-hu\/promix-ch-special-glutenmentes-kenyer-lisztkeverek\/\"]}]}]}<\/script>\n<!-- \/ Yoast SEO plugin. -->","_links":{"self":[{"href":"https:\/\/www.novalimglutenfree.com\/hu\/wp-json\/wp\/v2\/product\/2049"}],"collection":[{"href":"https:\/\/www.novalimglutenfree.com\/hu\/wp-json\/wp\/v2\/product"}],"about":[{"href":"https:\/\/www.novalimglutenfree.com\/hu\/wp-json\/wp\/v2\/types\/product"}],"replies":[{"embeddable":true,"href":"https:\/\/www.novalimglutenfree.com\/hu\/wp-json\/wp\/v2\/comments?post=2049"}],"version-history":[{"count":0,"href":"https:\/\/www.novalimglutenfree.com\/hu\/wp-json\/wp\/v2\/product\/2049\/revisions"}],"wp:featuredmedia":[{"embeddable":true,"href":"https:\/\/www.novalimglutenfree.com\/hu\/wp-json\/wp\/v2\/media\/1038"}],"wp:attachment":[{"href":"https:\/\/www.novalimglutenfree.com\/hu\/wp-json\/wp\/v2\/media?parent=2049"}],"curies":[{"name":"wp","href":"https:\/\/api.w.org\/{rel}","templated":true}]}}