{"id":1889,"date":"2016-05-06T09:40:46","date_gmt":"2016-05-06T07:40:46","guid":{"rendered":"http:\/\/novalimglutenfree.com\/hu\/obchod\/bezlepkove-cestoviny-procelz-abeceda\/"},"modified":"2016-05-17T21:56:04","modified_gmt":"2016-05-17T19:56:04","slug":"glutenmentes-teszta-procel-abece","status":"publish","type":"product","link":"https:\/\/www.novalimglutenfree.com\/hu\/obchod\/teszta-hu\/glutenmentes-teszta-hu\/glutenmentes-teszta-procel-abece\/","title":{"rendered":"Glut\u00e9nmentes t\u00e9szta PROCEL -\u00e1b\u00e9c\u00e9"},"content":{"rendered":"<div id=\"Layer5\" class=\"bodystyle\"><strong>PROCEL \u00ae<\/strong> &#8211; a standard sz\u00e1rszt\u00e9szt\u00e1k kukoricakem\u00e9ny\u00edt\u0151 alapon toj\u00e1sfeh\u00e9rje tartalommal \u00e9s kurkuma term\u00e9szetes fest\u00e9kkel<\/div>\n<div class=\"bodystyle\">\u00a0<\/div>\n<h4>Term\u00e9k inform\u00e1ci\u00f3:<\/h4>\n<div id=\"Layer1\" class=\"bodystyle\">\n<div id=\"Layer1\" class=\"bodystyle\">\n<div id=\"Layer1\" class=\"bodystyle\">\n<div id=\"Layer1\" class=\"bodystyle\">\n<div id=\"Layer1\" class=\"bodystyle\">\n<div id=\"Layer1\" class=\"bodystyle\">\n<div id=\"Layer1\" class=\"bodystyle\">\n<div id=\"Layer1\" class=\"bodystyle\">\n<div id=\"Layer1\" class=\"bodystyle\">\n<div id=\"Layer1\" class=\"bodystyle\">\n<div id=\"Layer1\" class=\"bodystyle\"><strong>Hozz\u00e1val\u00f3k:<\/strong><br \/> kukoricakem\u00e9ny\u00edt\u0151, m\u00f3dos\u00edtott kukoricakem\u00e9ny\u00edt\u0151, sz\u00e1r\u00edtott toj\u00e1sfeh\u00e9rje, emulge\u00e1l\u00f3szer E471, E100 term\u00e9szetes fest\u00e9k<\/p>\n<p><strong>100 g term\u00e9k tartalmaz \u00e1tlagban:<\/strong><br \/> 1,30 g feh\u00e9rje, 86,60 g sz\u00e9nhidr\u00e1t, 1,40 g zs\u00edr<\/p>\n<p><strong>Energia:<\/strong><br \/> 1559 kJ, 372,8 kcal<\/p>\n<\/div>\n<\/div>\n<\/div>\n<\/div>\n<\/div>\n<\/div>\n<\/div>\n<\/div>\n<\/div>\n<\/div>\n<\/div>\n","protected":false},"excerpt":{"rendered":"<p>standard sz\u00e1rszt\u00e9szt\u00e1k kukoricakem\u00e9ny\u00edt\u0151 alapon toj\u00e1sfeh\u00e9rje tartalommal \u00e9s kurkuma term\u00e9szetes fest\u00e9kkel<\/p>\n","protected":false},"featured_media":11073,"comment_status":"closed","ping_status":"closed","template":"","meta":[],"yoast_head":"<!-- This site is optimized with the Yoast SEO plugin v15.7 - https:\/\/yoast.com\/wordpress\/plugins\/seo\/ -->\n<title>Glut\u00e9nmentes t\u00e9szta PROCEL -\u00e1b\u00e9c\u00e9 - Novalim<\/title>\n<meta name=\"robots\" content=\"index, follow, max-snippet:-1, max-image-preview:large, max-video-preview:-1\" \/>\n<link rel=\"canonical\" href=\"https:\/\/www.novalimglutenfree.com\/hu\/obchod\/teszta-hu\/glutenmentes-teszta-hu\/glutenmentes-teszta-procel-abece\/\" \/>\n<meta property=\"og:locale\" content=\"hu_HU\" \/>\n<meta property=\"og:type\" content=\"article\" \/>\n<meta property=\"og:title\" content=\"Glut\u00e9nmentes t\u00e9szta PROCEL -\u00e1b\u00e9c\u00e9 - Novalim\" \/>\n<meta property=\"og:description\" content=\"standard sz\u00e1rszt\u00e9szt\u00e1k kukoricakem\u00e9ny\u00edt\u0151 alapon toj\u00e1sfeh\u00e9rje tartalommal \u00e9s kurkuma term\u00e9szetes fest\u00e9kkel\" \/>\n<meta property=\"og:url\" content=\"https:\/\/www.novalimglutenfree.com\/hu\/obchod\/teszta-hu\/glutenmentes-teszta-hu\/glutenmentes-teszta-procel-abece\/\" \/>\n<meta property=\"og:site_name\" content=\"Novalim\" \/>\n<meta property=\"article:modified_time\" content=\"2016-05-17T19:56:04+00:00\" \/>\n<meta property=\"og:image\" content=\"https:\/\/www.novalimglutenfree.com\/wp-content\/uploads\/2016\/05\/02-2019_NOVALIM_cestoviny_hruby-mockup_pismenka.png\" \/>\n\t<meta property=\"og:image:width\" content=\"1171\" \/>\n\t<meta property=\"og:image:height\" content=\"1240\" \/>\n<meta name=\"twitter:card\" content=\"summary\" \/>\n<script type=\"application\/ld+json\" class=\"yoast-schema-graph\">{\"@context\":\"https:\/\/schema.org\",\"@graph\":[{\"@type\":\"WebSite\",\"@id\":\"https:\/\/www.novalimglutenfree.com\/de\/#website\",\"url\":\"https:\/\/www.novalimglutenfree.com\/de\/\",\"name\":\"Novalim\",\"description\":\"Bezlepkov\\u00e9 potraviny, bezlepkov\\u00e9 recepty, celiakia, PKU\",\"potentialAction\":[{\"@type\":\"SearchAction\",\"target\":\"https:\/\/www.novalimglutenfree.com\/de\/?s={search_term_string}\",\"query-input\":\"required name=search_term_string\"}],\"inLanguage\":\"hu\"},{\"@type\":\"ImageObject\",\"@id\":\"https:\/\/www.novalimglutenfree.com\/hu\/obchod\/teszta-hu\/glutenmentes-teszta-hu\/glutenmentes-teszta-procel-abece\/#primaryimage\",\"inLanguage\":\"hu\",\"url\":\"https:\/\/www.novalimglutenfree.com\/wp-content\/uploads\/2016\/05\/02-2019_NOVALIM_cestoviny_hruby-mockup_pismenka.png\",\"width\":1171,\"height\":1240},{\"@type\":\"WebPage\",\"@id\":\"https:\/\/www.novalimglutenfree.com\/hu\/obchod\/teszta-hu\/glutenmentes-teszta-hu\/glutenmentes-teszta-procel-abece\/#webpage\",\"url\":\"https:\/\/www.novalimglutenfree.com\/hu\/obchod\/teszta-hu\/glutenmentes-teszta-hu\/glutenmentes-teszta-procel-abece\/\",\"name\":\"Glut\\u00e9nmentes t\\u00e9szta PROCEL -\\u00e1b\\u00e9c\\u00e9 - Novalim\",\"isPartOf\":{\"@id\":\"https:\/\/www.novalimglutenfree.com\/de\/#website\"},\"primaryImageOfPage\":{\"@id\":\"https:\/\/www.novalimglutenfree.com\/hu\/obchod\/teszta-hu\/glutenmentes-teszta-hu\/glutenmentes-teszta-procel-abece\/#primaryimage\"},\"datePublished\":\"2016-05-06T07:40:46+00:00\",\"dateModified\":\"2016-05-17T19:56:04+00:00\",\"inLanguage\":\"hu\",\"potentialAction\":[{\"@type\":\"ReadAction\",\"target\":[\"https:\/\/www.novalimglutenfree.com\/hu\/obchod\/teszta-hu\/glutenmentes-teszta-hu\/glutenmentes-teszta-procel-abece\/\"]}]}]}<\/script>\n<!-- \/ Yoast SEO plugin. -->","_links":{"self":[{"href":"https:\/\/www.novalimglutenfree.com\/hu\/wp-json\/wp\/v2\/product\/1889"}],"collection":[{"href":"https:\/\/www.novalimglutenfree.com\/hu\/wp-json\/wp\/v2\/product"}],"about":[{"href":"https:\/\/www.novalimglutenfree.com\/hu\/wp-json\/wp\/v2\/types\/product"}],"replies":[{"embeddable":true,"href":"https:\/\/www.novalimglutenfree.com\/hu\/wp-json\/wp\/v2\/comments?post=1889"}],"version-history":[{"count":0,"href":"https:\/\/www.novalimglutenfree.com\/hu\/wp-json\/wp\/v2\/product\/1889\/revisions"}],"wp:featuredmedia":[{"embeddable":true,"href":"https:\/\/www.novalimglutenfree.com\/hu\/wp-json\/wp\/v2\/media\/11073"}],"wp:attachment":[{"href":"https:\/\/www.novalimglutenfree.com\/hu\/wp-json\/wp\/v2\/media?parent=1889"}],"curies":[{"name":"wp","href":"https:\/\/api.w.org\/{rel}","templated":true}]}}