{"id":1881,"date":"2016-05-06T09:41:00","date_gmt":"2016-05-06T07:41:00","guid":{"rendered":"http:\/\/novalimglutenfree.com\/hu\/obchod\/bezlepkove-cestoviny-procel-%c2%9aspiraly\/"},"modified":"2023-03-31T14:01:59","modified_gmt":"2023-03-31T12:01:59","slug":"glutenmentes-teszta-procel-orso","status":"publish","type":"product","link":"https:\/\/www.novalimglutenfree.com\/hu\/obchod\/teszta-hu\/glutenmentes-teszta-hu\/glutenmentes-teszta-procel-orso\/","title":{"rendered":"Glut\u00e9nmentes t\u00e9szta PROCEL -ors\u00f3"},"content":{"rendered":"<div id=\"Layer5\" class=\"bodystyle\"><strong>PROCEL &reg;<\/strong> &#8211; a standard sz&aacute;rszt&eacute;szt&aacute;k kukoricakem&eacute;ny&iacute;t\u0151 alapon toj&aacute;sfeh&eacute;rje tartalommal &eacute;s kurkuma term&eacute;szetes fest&eacute;kkel<\/div>\n<div class=\"bodystyle\">&nbsp;<\/div>\n<h4>Term&eacute;k inform&aacute;ci&oacute;:<\/h4>\n<div id=\"Layer1\" class=\"bodystyle\">\n<div id=\"Layer1\" class=\"bodystyle\">\n<div id=\"Layer1\" class=\"bodystyle\">\n<div id=\"Layer1\" class=\"bodystyle\">\n<div id=\"Layer1\" class=\"bodystyle\">\n<div id=\"Layer1\" class=\"bodystyle\">\n<div id=\"Layer1\" class=\"bodystyle\">\n<div id=\"Layer1\" class=\"bodystyle\">\n<div id=\"Layer1\" class=\"bodystyle\">\n<div id=\"Layer1\" class=\"bodystyle\">\n<div id=\"Layer1\" class=\"bodystyle\"><strong>Hozz&aacute;val&oacute;k:<\/strong><br \/> kukoricakem&eacute;ny&iacute;t\u0151, m&oacute;dos&iacute;tott kukoricakem&eacute;ny&iacute;t\u0151, sz&aacute;r&iacute;tott toj&aacute;sfeh&eacute;rje, emulge&aacute;l&oacute;szer E471, E100 term&eacute;szetes fest&eacute;k<\/p>\n<p><strong>100 g term&eacute;k tartalmaz &aacute;tlagban:<\/strong><br \/> 1,30 g feh&eacute;rje, 86,60 g sz&eacute;nhidr&aacute;t, 1,40 g zs&iacute;r<\/p>\n<p><strong>Energia:<\/strong><br \/> 1559 kJ, 372,8 kcal<\/p>\n<\/div>\n<\/div>\n<\/div>\n<\/div>\n<\/div>\n<\/div>\n<\/div>\n<\/div>\n<\/div>\n<\/div>\n<\/div>\n","protected":false},"excerpt":{"rendered":"<p>standard sz&aacute;rszt&eacute;szt&aacute;k kukoricakem&eacute;ny&iacute;t\u0151 alapon toj&aacute;sfeh&eacute;rje tartalommal &eacute;s kurkuma term&eacute;szetes fest&eacute;kkel<\/p>\n","protected":false},"featured_media":10763,"comment_status":"closed","ping_status":"closed","template":"","meta":[],"yoast_head":"<!-- This site is optimized with the Yoast SEO plugin v15.7 - https:\/\/yoast.com\/wordpress\/plugins\/seo\/ -->\n<title>Glut\u00e9nmentes t\u00e9szta PROCEL -ors\u00f3 - Novalim<\/title>\n<meta name=\"robots\" content=\"index, follow, max-snippet:-1, max-image-preview:large, max-video-preview:-1\" \/>\n<link rel=\"canonical\" href=\"https:\/\/www.novalimglutenfree.com\/hu\/obchod\/teszta-hu\/glutenmentes-teszta-hu\/glutenmentes-teszta-procel-orso\/\" \/>\n<meta property=\"og:locale\" content=\"hu_HU\" \/>\n<meta property=\"og:type\" content=\"article\" \/>\n<meta property=\"og:title\" content=\"Glut\u00e9nmentes t\u00e9szta PROCEL -ors\u00f3 - Novalim\" \/>\n<meta property=\"og:description\" content=\"standard sz&aacute;rszt&eacute;szt&aacute;k kukoricakem&eacute;ny&iacute;t\u0151 alapon toj&aacute;sfeh&eacute;rje tartalommal &eacute;s kurkuma term&eacute;szetes fest&eacute;kkel\" \/>\n<meta property=\"og:url\" content=\"https:\/\/www.novalimglutenfree.com\/hu\/obchod\/teszta-hu\/glutenmentes-teszta-hu\/glutenmentes-teszta-procel-orso\/\" \/>\n<meta property=\"og:site_name\" content=\"Novalim\" \/>\n<meta property=\"article:modified_time\" content=\"2023-03-31T12:01:59+00:00\" \/>\n<meta property=\"og:image\" content=\"https:\/\/www.novalimglutenfree.com\/wp-content\/uploads\/2016\/05\/02-2019_NOVALIM_cestoviny_hruby-mockup-3.jpg\" \/>\n\t<meta property=\"og:image:width\" content=\"1171\" \/>\n\t<meta property=\"og:image:height\" content=\"1240\" \/>\n<meta name=\"twitter:card\" content=\"summary\" \/>\n<meta name=\"twitter:label1\" content=\"Becs\u00fclt olvas\u00e1si id\u0151\">\n\t<meta name=\"twitter:data1\" content=\"1 perc\">\n<script type=\"application\/ld+json\" class=\"yoast-schema-graph\">{\"@context\":\"https:\/\/schema.org\",\"@graph\":[{\"@type\":\"WebSite\",\"@id\":\"https:\/\/www.novalimglutenfree.com\/de\/#website\",\"url\":\"https:\/\/www.novalimglutenfree.com\/de\/\",\"name\":\"Novalim\",\"description\":\"Bezlepkov\\u00e9 potraviny, bezlepkov\\u00e9 recepty, celiakia, PKU\",\"potentialAction\":[{\"@type\":\"SearchAction\",\"target\":\"https:\/\/www.novalimglutenfree.com\/de\/?s={search_term_string}\",\"query-input\":\"required name=search_term_string\"}],\"inLanguage\":\"hu\"},{\"@type\":\"ImageObject\",\"@id\":\"https:\/\/www.novalimglutenfree.com\/hu\/obchod\/teszta-hu\/glutenmentes-teszta-hu\/glutenmentes-teszta-procel-orso\/#primaryimage\",\"inLanguage\":\"hu\",\"url\":\"https:\/\/www.novalimglutenfree.com\/wp-content\/uploads\/2016\/05\/02-2019_NOVALIM_cestoviny_hruby-mockup-3.jpg\",\"width\":1171,\"height\":1240},{\"@type\":\"WebPage\",\"@id\":\"https:\/\/www.novalimglutenfree.com\/hu\/obchod\/teszta-hu\/glutenmentes-teszta-hu\/glutenmentes-teszta-procel-orso\/#webpage\",\"url\":\"https:\/\/www.novalimglutenfree.com\/hu\/obchod\/teszta-hu\/glutenmentes-teszta-hu\/glutenmentes-teszta-procel-orso\/\",\"name\":\"Glut\\u00e9nmentes t\\u00e9szta PROCEL -ors\\u00f3 - Novalim\",\"isPartOf\":{\"@id\":\"https:\/\/www.novalimglutenfree.com\/de\/#website\"},\"primaryImageOfPage\":{\"@id\":\"https:\/\/www.novalimglutenfree.com\/hu\/obchod\/teszta-hu\/glutenmentes-teszta-hu\/glutenmentes-teszta-procel-orso\/#primaryimage\"},\"datePublished\":\"2016-05-06T07:41:00+00:00\",\"dateModified\":\"2023-03-31T12:01:59+00:00\",\"inLanguage\":\"hu\",\"potentialAction\":[{\"@type\":\"ReadAction\",\"target\":[\"https:\/\/www.novalimglutenfree.com\/hu\/obchod\/teszta-hu\/glutenmentes-teszta-hu\/glutenmentes-teszta-procel-orso\/\"]}]}]}<\/script>\n<!-- \/ Yoast SEO plugin. -->","_links":{"self":[{"href":"https:\/\/www.novalimglutenfree.com\/hu\/wp-json\/wp\/v2\/product\/1881"}],"collection":[{"href":"https:\/\/www.novalimglutenfree.com\/hu\/wp-json\/wp\/v2\/product"}],"about":[{"href":"https:\/\/www.novalimglutenfree.com\/hu\/wp-json\/wp\/v2\/types\/product"}],"replies":[{"embeddable":true,"href":"https:\/\/www.novalimglutenfree.com\/hu\/wp-json\/wp\/v2\/comments?post=1881"}],"version-history":[{"count":0,"href":"https:\/\/www.novalimglutenfree.com\/hu\/wp-json\/wp\/v2\/product\/1881\/revisions"}],"wp:featuredmedia":[{"embeddable":true,"href":"https:\/\/www.novalimglutenfree.com\/hu\/wp-json\/wp\/v2\/media\/10763"}],"wp:attachment":[{"href":"https:\/\/www.novalimglutenfree.com\/hu\/wp-json\/wp\/v2\/media?parent=1881"}],"curies":[{"name":"wp","href":"https:\/\/api.w.org\/{rel}","templated":true}]}}