{"id":1899,"date":"2016-05-06T09:40:46","date_gmt":"2016-05-06T07:40:46","guid":{"rendered":"http:\/\/novalimglutenfree.com\/de\/obchod\/bezlepkove-cestoviny-procelz-fliacky\/"},"modified":"2023-03-31T14:01:59","modified_gmt":"2023-03-31T12:01:59","slug":"glutenfreie-teigwaren-procel-fleckerl","status":"publish","type":"product","link":"https:\/\/www.novalimglutenfree.com\/de\/obchod\/teigwaren-de\/glutenfreie-teigwaren-de\/glutenfreie-teigwaren-procel-fleckerl\/","title":{"rendered":"Glutenfreie Teigwaren PROCEL -Fleckerl"},"content":{"rendered":"<div id=\"Layer5\" class=\"bodystyle\"><strong>PROCEL \u00ae<\/strong> &#8211; normale Teigwaren aus Maisst\u00e4rke ,mit Eiwei\u00dfgehalt und mit nat\u00fcrlicher Farbstoff aus curcuma.<\/div>\n<div class=\"bodystyle\">\u00a0<\/div>\n<h4>Produkt Information:<\/h4>\n<div id=\"Layer1\" class=\"bodystyle\">\n<div id=\"Layer1\" class=\"bodystyle\">\n<div id=\"Layer1\" class=\"bodystyle\">\n<div id=\"Layer1\" class=\"bodystyle\">\n<div id=\"Layer1\" class=\"bodystyle\">\n<div id=\"Layer1\" class=\"bodystyle\">\n<div id=\"Layer1\" class=\"bodystyle\">\n<div id=\"Layer1\" class=\"bodystyle\">\n<div id=\"Layer1\" class=\"bodystyle\">\n<div id=\"Layer1\" class=\"bodystyle\">\n<div id=\"Layer1\" class=\"bodystyle\"><strong>Zutaten:<\/strong><br \/> Maisst\u00e4rke, modifizierte Maisst\u00e4rke, getrocknetes Eiwei\u00df, Emulgator E471, E100 nat\u00fcrlicher Farbstoff<\/p>\n<p><strong>100 g des Produktes enthalten durchschnittlich:<\/strong><br \/> 1,30 g Eiwei\u00df, 86,60 g Kohlenhydrate und 1,40 g Fett<\/p>\n<p><strong>Energie:<\/strong><br \/> 1559 kJ, 372,8 kcal<\/p>\n<\/div>\n<\/div>\n<\/div>\n<\/div>\n<\/div>\n<\/div>\n<\/div>\n<\/div>\n<\/div>\n<\/div>\n<\/div>\n","protected":false},"excerpt":{"rendered":"<p>Teigwaren aus Maisst\u00e4rke ,mit Eiwei\u00dfgehalt und mit nat\u00fcrlicher Farbstoff aus curcuma.<\/p>\n","protected":false},"featured_media":10787,"comment_status":"closed","ping_status":"closed","template":"","meta":[],"yoast_head":"<!-- This site is optimized with the Yoast SEO plugin v15.7 - https:\/\/yoast.com\/wordpress\/plugins\/seo\/ -->\n<title>Glutenfreie Teigwaren PROCEL -Fleckerl - Novalim<\/title>\n<meta name=\"robots\" content=\"index, follow, max-snippet:-1, max-image-preview:large, max-video-preview:-1\" \/>\n<link rel=\"canonical\" href=\"https:\/\/www.novalimglutenfree.com\/de\/obchod\/teigwaren-de\/glutenfreie-teigwaren-de\/glutenfreie-teigwaren-procel-fleckerl\/\" \/>\n<meta property=\"og:locale\" content=\"de_DE\" \/>\n<meta property=\"og:type\" content=\"article\" \/>\n<meta property=\"og:title\" content=\"Glutenfreie Teigwaren PROCEL -Fleckerl - Novalim\" \/>\n<meta property=\"og:description\" content=\"Teigwaren aus Maisst\u00e4rke ,mit Eiwei\u00dfgehalt und mit nat\u00fcrlicher Farbstoff aus curcuma.\" \/>\n<meta property=\"og:url\" content=\"https:\/\/www.novalimglutenfree.com\/de\/obchod\/teigwaren-de\/glutenfreie-teigwaren-de\/glutenfreie-teigwaren-procel-fleckerl\/\" \/>\n<meta property=\"og:site_name\" content=\"Novalim\" \/>\n<meta property=\"article:modified_time\" content=\"2023-03-31T12:01:59+00:00\" \/>\n<meta property=\"og:image\" content=\"https:\/\/www.novalimglutenfree.com\/wp-content\/uploads\/2016\/05\/06-2019_NOVALIM_cestoviny_hruby-mockup_fliacky-1.png\" \/>\n\t<meta property=\"og:image:width\" content=\"1171\" \/>\n\t<meta property=\"og:image:height\" content=\"1240\" \/>\n<meta name=\"twitter:card\" content=\"summary\" \/>\n<script type=\"application\/ld+json\" class=\"yoast-schema-graph\">{\"@context\":\"https:\/\/schema.org\",\"@graph\":[{\"@type\":\"WebSite\",\"@id\":\"https:\/\/www.novalimglutenfree.com\/de\/#website\",\"url\":\"https:\/\/www.novalimglutenfree.com\/de\/\",\"name\":\"Novalim\",\"description\":\"Bezlepkov\\u00e9 potraviny, bezlepkov\\u00e9 recepty, celiakia, PKU\",\"potentialAction\":[{\"@type\":\"SearchAction\",\"target\":\"https:\/\/www.novalimglutenfree.com\/de\/?s={search_term_string}\",\"query-input\":\"required name=search_term_string\"}],\"inLanguage\":\"de-DE\"},{\"@type\":\"ImageObject\",\"@id\":\"https:\/\/www.novalimglutenfree.com\/de\/obchod\/teigwaren-de\/glutenfreie-teigwaren-de\/glutenfreie-teigwaren-procel-fleckerl\/#primaryimage\",\"inLanguage\":\"de-DE\",\"url\":\"https:\/\/www.novalimglutenfree.com\/wp-content\/uploads\/2016\/05\/06-2019_NOVALIM_cestoviny_hruby-mockup_fliacky-1.png\",\"width\":1171,\"height\":1240},{\"@type\":\"WebPage\",\"@id\":\"https:\/\/www.novalimglutenfree.com\/de\/obchod\/teigwaren-de\/glutenfreie-teigwaren-de\/glutenfreie-teigwaren-procel-fleckerl\/#webpage\",\"url\":\"https:\/\/www.novalimglutenfree.com\/de\/obchod\/teigwaren-de\/glutenfreie-teigwaren-de\/glutenfreie-teigwaren-procel-fleckerl\/\",\"name\":\"Glutenfreie Teigwaren PROCEL -Fleckerl - Novalim\",\"isPartOf\":{\"@id\":\"https:\/\/www.novalimglutenfree.com\/de\/#website\"},\"primaryImageOfPage\":{\"@id\":\"https:\/\/www.novalimglutenfree.com\/de\/obchod\/teigwaren-de\/glutenfreie-teigwaren-de\/glutenfreie-teigwaren-procel-fleckerl\/#primaryimage\"},\"datePublished\":\"2016-05-06T07:40:46+00:00\",\"dateModified\":\"2023-03-31T12:01:59+00:00\",\"inLanguage\":\"de-DE\",\"potentialAction\":[{\"@type\":\"ReadAction\",\"target\":[\"https:\/\/www.novalimglutenfree.com\/de\/obchod\/teigwaren-de\/glutenfreie-teigwaren-de\/glutenfreie-teigwaren-procel-fleckerl\/\"]}]}]}<\/script>\n<!-- \/ Yoast SEO plugin. -->","_links":{"self":[{"href":"https:\/\/www.novalimglutenfree.com\/de\/wp-json\/wp\/v2\/product\/1899"}],"collection":[{"href":"https:\/\/www.novalimglutenfree.com\/de\/wp-json\/wp\/v2\/product"}],"about":[{"href":"https:\/\/www.novalimglutenfree.com\/de\/wp-json\/wp\/v2\/types\/product"}],"replies":[{"embeddable":true,"href":"https:\/\/www.novalimglutenfree.com\/de\/wp-json\/wp\/v2\/comments?post=1899"}],"version-history":[{"count":0,"href":"https:\/\/www.novalimglutenfree.com\/de\/wp-json\/wp\/v2\/product\/1899\/revisions"}],"wp:featuredmedia":[{"embeddable":true,"href":"https:\/\/www.novalimglutenfree.com\/de\/wp-json\/wp\/v2\/media\/10787"}],"wp:attachment":[{"href":"https:\/\/www.novalimglutenfree.com\/de\/wp-json\/wp\/v2\/media?parent=1899"}],"curies":[{"name":"wp","href":"https:\/\/api.w.org\/{rel}","templated":true}]}}