{"id":9389,"date":"2018-07-31T14:07:39","date_gmt":"2018-07-31T12:07:39","guid":{"rendered":"http:\/\/novalimglutenfree.com\/?post_type=product&#038;p=9389\/"},"modified":"2018-11-21T11:29:33","modified_gmt":"2018-11-21T09:29:33","slug":"chleb-bezglutenovy-svetly-90-dnu","status":"publish","type":"product","link":"https:\/\/www.novalimglutenfree.com\/cs\/obchod\/chleb-pecivo-cs\/bezlepkovy-chleb-pecivo-cs\/chleb-bezglutenovy-svetly-90-dnu\/","title":{"rendered":"Chl\u00e9b bezlepkov\u00fd sv\u011btl\u00fd, 90 dn\u016f"},"content":{"rendered":"<p>Chl\u00e9b bezlepkov\u00fd sv\u011btl\u00fd- potravina speci\u00e1ln\u011b p\u0159ipravena pro osoby s nesn\u00e1\u0161enlivost\u00ed lepku. Vyrobena<strong> z p\u0159irozen\u011b bezlepkov\u00fdch<\/strong> a bezp\u0161eni\u010dn\u00fdch surovin. (gluten &lt; 20mg\/kg)<\/p>\n<p>Slo\u017een\u00ed: voda, kukuri\u010dn\u00fd \u0161krob, bramborov\u00fd \u0161krob, r\u00fd\u017eov\u00e1 mouka, <strong>s\u00f3jov\u00e1 mouka<\/strong>, rostlinn\u00e1 vl\u00e1knina, rostlinn\u00fd olej (\u0159epkov\u00fd, slune\u010dnicov\u00fd); zahu\u0161\u0165ovadlo: guarov\u00e1 mouka, hydroxypropylmetylcelul\u00f3za; dro\u017ed\u00ed, dextr\u00f3za, ry\u017eov\u00fd sirup, hrachov\u00e1 b\u00edlkovina, jedl\u00e1 s\u016fl, emulg\u00e1tor stearoyl-2-laktyl\u00e1t sodn\u00fd, fermentovan\u00fd cukr, enzym.<\/p>\n<p>100 g v\u00fdrobku pr\u016fm\u011brn\u011b obsahuje:<br \/>\n<strong>Energetick\u00e1 hodnota:<\/strong> 903 kJ, 221 kcal; <strong>Tuky:<\/strong> 2,5 g z toho 0,4 g nasycen\u00e9 mastn\u00e9 kyseliny;<strong> Sacharidy:<\/strong> 46,4 g z toho 2,9 g cukry; <strong>Vl\u00e1knina:<\/strong> 2,7 g; <strong>B\u00edlkoviny<\/strong>: 2,3 g; <strong>S\u016fl:<\/strong> 1,0 g;<\/p>\n<p>Baleno v ochrann\u00e9 atmosf\u00e9\u0159e.<br \/>\nBalen\u00ed: 90 dn\u016f<br \/>\nHmotnost: 360 g<br \/>\nPo otev\u0159en\u00ed spotrebujte do 3 dn\u016f.<\/p>\n","protected":false},"excerpt":{"rendered":"<p>Chl\u00e9b bezglutenov\u00fd sv\u011btl\u00fd- potravina speci\u00e1ln\u011b p\u0159ipravena pro osoby s nesn\u00e1\u0161enlivost\u00ed lepku. Vyrobena&lt;strong&gt; z p\u0159irozen\u011b bezlepkov\u00fdch&lt;\/strong&gt; a bezp\u0161eni\u010dn\u00fdch surovin. (gluten &amp;lt; 20mg\/kg)<\/p>\n<p>Baleno v ochrann\u00e9 atmosf\u00e9\u0159e.<br \/>\nBalen\u00ed: 90 dn\u016f<br \/>\nHmotnost: 360 g<\/p>\n","protected":false},"featured_media":9249,"comment_status":"closed","ping_status":"closed","template":"","meta":[],"yoast_head":"<!-- This site is optimized with the Yoast SEO plugin v15.7 - https:\/\/yoast.com\/wordpress\/plugins\/seo\/ -->\n<title>Chl\u00e9b bezlepkov\u00fd sv\u011btl\u00fd, 90 dn\u016f - Novalim<\/title>\n<meta name=\"robots\" content=\"index, follow, max-snippet:-1, max-image-preview:large, max-video-preview:-1\" \/>\n<link rel=\"canonical\" href=\"https:\/\/novalimglutenfree.com\/cs\/obchod\/chleb-pecivo-cs\/bezlepkovy-chleb-pecivo-cs\/chleb-bezglutenovy-svetly-90-dnu\/\" \/>\n<meta property=\"og:locale\" content=\"cs_CZ\" \/>\n<meta property=\"og:type\" content=\"article\" \/>\n<meta property=\"og:title\" content=\"Chl\u00e9b bezlepkov\u00fd sv\u011btl\u00fd, 90 dn\u016f - Novalim\" \/>\n<meta property=\"og:description\" content=\"Chl\u00e9b bezglutenov\u00fd sv\u011btl\u00fd- potravina speci\u00e1ln\u011b p\u0159ipravena pro osoby s nesn\u00e1\u0161enlivost\u00ed lepku. Vyrobena&lt;strong&gt; z p\u0159irozen\u011b bezlepkov\u00fdch&lt;\/strong&gt; a bezp\u0161eni\u010dn\u00fdch surovin. (gluten &amp;lt; 20mg\/kg)  Baleno v ochrann\u00e9 atmosf\u00e9\u0159e. Balen\u00ed: 90 dn\u016f Hmotnost: 360 g\" \/>\n<meta property=\"og:url\" content=\"https:\/\/novalimglutenfree.com\/cs\/obchod\/chleb-pecivo-cs\/bezlepkovy-chleb-pecivo-cs\/chleb-bezglutenovy-svetly-90-dnu\/\" \/>\n<meta property=\"og:site_name\" content=\"Novalim\" \/>\n<meta property=\"article:modified_time\" content=\"2018-11-21T09:29:33+00:00\" \/>\n<meta property=\"og:image\" content=\"https:\/\/www.novalimglutenfree.com\/wp-content\/uploads\/2017\/02\/chlieb_svetly.jpg\" \/>\n\t<meta property=\"og:image:width\" content=\"1036\" \/>\n\t<meta property=\"og:image:height\" content=\"1050\" \/>\n<meta name=\"twitter:card\" content=\"summary\" \/>\n<meta name=\"twitter:label1\" content=\"Odhadovan\u00e1 doba \u010dten\u00ed\">\n\t<meta name=\"twitter:data1\" content=\"1 minuta\">\n<script type=\"application\/ld+json\" class=\"yoast-schema-graph\">{\"@context\":\"https:\/\/schema.org\",\"@graph\":[{\"@type\":\"WebSite\",\"@id\":\"https:\/\/www.novalimglutenfree.com\/de\/#website\",\"url\":\"https:\/\/www.novalimglutenfree.com\/de\/\",\"name\":\"Novalim\",\"description\":\"Bezlepkov\\u00e9 potraviny, bezlepkov\\u00e9 recepty, celiakia, PKU\",\"potentialAction\":[{\"@type\":\"SearchAction\",\"target\":\"https:\/\/www.novalimglutenfree.com\/de\/?s={search_term_string}\",\"query-input\":\"required name=search_term_string\"}],\"inLanguage\":\"cs\"},{\"@type\":\"ImageObject\",\"@id\":\"https:\/\/novalimglutenfree.com\/cs\/obchod\/chleb-pecivo-cs\/bezlepkovy-chleb-pecivo-cs\/chleb-bezglutenovy-svetly-90-dnu\/#primaryimage\",\"inLanguage\":\"cs\",\"url\":\"https:\/\/www.novalimglutenfree.com\/wp-content\/uploads\/2017\/02\/chlieb_svetly.jpg\",\"width\":1036,\"height\":1050},{\"@type\":\"WebPage\",\"@id\":\"https:\/\/novalimglutenfree.com\/cs\/obchod\/chleb-pecivo-cs\/bezlepkovy-chleb-pecivo-cs\/chleb-bezglutenovy-svetly-90-dnu\/#webpage\",\"url\":\"https:\/\/novalimglutenfree.com\/cs\/obchod\/chleb-pecivo-cs\/bezlepkovy-chleb-pecivo-cs\/chleb-bezglutenovy-svetly-90-dnu\/\",\"name\":\"Chl\\u00e9b bezlepkov\\u00fd sv\\u011btl\\u00fd, 90 dn\\u016f - Novalim\",\"isPartOf\":{\"@id\":\"https:\/\/www.novalimglutenfree.com\/de\/#website\"},\"primaryImageOfPage\":{\"@id\":\"https:\/\/novalimglutenfree.com\/cs\/obchod\/chleb-pecivo-cs\/bezlepkovy-chleb-pecivo-cs\/chleb-bezglutenovy-svetly-90-dnu\/#primaryimage\"},\"datePublished\":\"2018-07-31T12:07:39+00:00\",\"dateModified\":\"2018-11-21T09:29:33+00:00\",\"inLanguage\":\"cs\",\"potentialAction\":[{\"@type\":\"ReadAction\",\"target\":[\"https:\/\/novalimglutenfree.com\/cs\/obchod\/chleb-pecivo-cs\/bezlepkovy-chleb-pecivo-cs\/chleb-bezglutenovy-svetly-90-dnu\/\"]}]}]}<\/script>\n<!-- \/ Yoast SEO plugin. -->","_links":{"self":[{"href":"https:\/\/www.novalimglutenfree.com\/cs\/wp-json\/wp\/v2\/product\/9389"}],"collection":[{"href":"https:\/\/www.novalimglutenfree.com\/cs\/wp-json\/wp\/v2\/product"}],"about":[{"href":"https:\/\/www.novalimglutenfree.com\/cs\/wp-json\/wp\/v2\/types\/product"}],"replies":[{"embeddable":true,"href":"https:\/\/www.novalimglutenfree.com\/cs\/wp-json\/wp\/v2\/comments?post=9389"}],"version-history":[{"count":1,"href":"https:\/\/www.novalimglutenfree.com\/cs\/wp-json\/wp\/v2\/product\/9389\/revisions"}],"predecessor-version":[{"id":9786,"href":"https:\/\/www.novalimglutenfree.com\/cs\/wp-json\/wp\/v2\/product\/9389\/revisions\/9786"}],"wp:featuredmedia":[{"embeddable":true,"href":"https:\/\/www.novalimglutenfree.com\/cs\/wp-json\/wp\/v2\/media\/9249"}],"wp:attachment":[{"href":"https:\/\/www.novalimglutenfree.com\/cs\/wp-json\/wp\/v2\/media?parent=9389"}],"curies":[{"name":"wp","href":"https:\/\/api.w.org\/{rel}","templated":true}]}}