{"id":6094,"date":"2016-05-06T09:40:46","date_gmt":"2016-05-06T07:40:46","guid":{"rendered":"http:\/\/novalimglutenfree.com\/obchod\/nezaraden\u00e9\/bezlepkove-cestoviny-procel-abeceda\/"},"modified":"2019-09-09T15:02:30","modified_gmt":"2019-09-09T13:02:30","slug":"bezlepkove-cestoviny-procel-abeceda","status":"publish","type":"product","link":"https:\/\/www.novalimglutenfree.com\/cs\/obchod\/cestoviny-cs\/bezlepkove-cestoviny-cs\/bezlepkove-cestoviny-procel-abeceda\/","title":{"rendered":"Bezlepkov\u00e9 t\u011bstoviny PROCEL &#8211; abeceda"},"content":{"rendered":"<p>Bezlepkov\u00e9 t\u011bstoviny PROCEL- standardn\u00ed bezlepkov\u00e9 t\u011bstoviny na b\u00e1zi kuku\u0159i\u010dn\u00e9ho \u0161krobu s obsahem vaje\u010dn\u00e9ho b\u00edlku.<br \/>\nPotravina speci\u00e1ln\u011b p\u0159ipravena pro osoby s nesn\u00e1\u0161enlivost\u00ed lepku. Vyrobena z p\u0159irozen\u011b bezlepkov\u00fdch a bezp\u0161eni\u010dn\u00fdch surovin. (gluten &lt; 20mg\/kg)<\/p>\n<p><strong> Nab\u00edz\u00edme n\u00e1sleduj\u00edc\u00ed tvary:<\/strong><br \/>\nni\u0165ovky, abeceda, \u0159ezance, mu\u0161le, kol\u00ednka velk\u00e1 a mal\u00e1, fl\u00ed\u010dky velk\u00e9 a mal\u00e9, tarhon\u011b, spir\u00e1ly, \u0161pagety<\/p>\n<p><strong>Informace o v\u00fdrobku:<\/strong><\/p>\n<p>Slo\u017een\u00ed:<br \/>\nkuku\u0159i\u010dn\u00fd \u0161krob, modifikovan\u00fd kuku\u0159i\u010dn\u00fd \u0161krob, <strong>su\u0161en\u00fd vaje\u010dn\u00fd b\u00edlek<\/strong>, emulg\u00e1tor: mono a diglyceridy nenasycen\u00fdch mastn\u00fdch kysel\u00edn, p\u0159\u00edrodn\u00ed barvivo kurkuma.<\/p>\n<p>100 g v\u00fdrobku pr\u016fm\u011brn\u011b obsahuje:<br \/>\n<b>Energetick\u00e1 hodnota: <\/b>1542 kJ, 363 kcal; <strong>Tuky:<\/strong> 0,8 g z toho 0,1 g nasycen\u00e9 mastn\u00e9 kyseliny; <strong>Sacharidy:<\/strong> 86,4 g z toho 0,1 g cukry; <strong>Vl\u00e1knina<\/strong>: 1,0 g; <strong>B\u00edlkoviny:<\/strong> 2,1 g; <strong>S\u016fl:<\/strong> 0,1 g;<\/p>\n<p>Hmotnost: 250 g<\/p>\n","protected":false},"excerpt":{"rendered":"<p>Bezlepkov\u00e9 t\u011bstoviny PROCEL\u00ae \u2013 standardn\u00ed bezlepkov\u00e9 t\u011bstoviny na b\u00e1zi kuku\u0159i\u010dn\u00e9ho \u0161krobu s obsahem vaje\u010dn\u00e9ho b\u00edlku.<\/p>\n<p>Potravina speci\u00e1ln\u011b p\u0159ipravena pro osoby s nesn\u00e1\u0161enlivost\u00ed lepku. Vyrobena z p\u0159irozen\u011b bezlepkov\u00fdch a bezp\u0161eni\u010dn\u00fdch surovin. (gluten < 20mg\/kg)\n\n<strong> Nab\u00edz\u00edme n\u00e1sleduj\u00edc\u00ed tvary:<\/strong><br \/>\nni\u0165ovky, abeceda, \u0159ezance, mu\u0161le, kol\u00ednka velk\u00e1 a mal\u00e1, fl\u00ed\u010dky velk\u00e9 a mal\u00e9, tarhon\u011b, spir\u00e1ly, \u0161pagety<\/p>\n<p>*RECEPT &#8211; <a href=\"http:\/\/novalimglutenfree.com\/cs\/testovinove-salaty\/\">T\u011bstovinov\u00e9 sal\u00e1ty<\/a><\/p>\n","protected":false},"featured_media":11070,"comment_status":"closed","ping_status":"closed","template":"","meta":[],"yoast_head":"<!-- This site is optimized with the Yoast SEO plugin v15.7 - https:\/\/yoast.com\/wordpress\/plugins\/seo\/ -->\n<title>Bezlepkov\u00e9 t\u011bstoviny PROCEL - abeceda - Novalim<\/title>\n<meta name=\"robots\" content=\"index, follow, max-snippet:-1, max-image-preview:large, max-video-preview:-1\" \/>\n<link rel=\"canonical\" href=\"https:\/\/www.novalimglutenfree.com\/cs\/obchod\/cestoviny-cs\/bezlepkove-cestoviny-cs\/bezlepkove-cestoviny-procel-abeceda\/\" \/>\n<meta property=\"og:locale\" content=\"cs_CZ\" \/>\n<meta property=\"og:type\" content=\"article\" \/>\n<meta property=\"og:title\" content=\"Bezlepkov\u00e9 t\u011bstoviny PROCEL - abeceda - Novalim\" \/>\n<meta property=\"og:description\" content=\"Bezlepkov\u00e9 t\u011bstoviny PROCEL\u00ae \u2013 standardn\u00ed bezlepkov\u00e9 t\u011bstoviny na b\u00e1zi kuku\u0159i\u010dn\u00e9ho \u0161krobu s obsahem vaje\u010dn\u00e9ho b\u00edlku.  Potravina speci\u00e1ln\u011b p\u0159ipravena pro osoby s nesn\u00e1\u0161enlivost\u00ed lepku. Vyrobena z p\u0159irozen\u011b bezlepkov\u00fdch a bezp\u0161eni\u010dn\u00fdch surovin. (gluten &lt; 20mg\/kg)   Nab\u00edz\u00edme n\u00e1sleduj\u00edc\u00ed tvary: ni\u0165ovky, abeceda, \u0159ezance, mu\u0161le, kol\u00ednka velk\u00e1 a mal\u00e1, fl\u00ed\u010dky velk\u00e9 a mal\u00e9, tarhon\u011b, spir\u00e1ly, \u0161pagety  *RECEPT - T\u011bstovinov\u00e9 sal\u00e1ty\" \/>\n<meta property=\"og:url\" content=\"https:\/\/www.novalimglutenfree.com\/cs\/obchod\/cestoviny-cs\/bezlepkove-cestoviny-cs\/bezlepkove-cestoviny-procel-abeceda\/\" \/>\n<meta property=\"og:site_name\" content=\"Novalim\" \/>\n<meta property=\"article:modified_time\" content=\"2019-09-09T13:02:30+00:00\" \/>\n<meta property=\"og:image\" content=\"https:\/\/www.novalimglutenfree.com\/wp-content\/uploads\/2016\/05\/02-2019_NOVALIM_cestoviny_hruby-mockup_pismenka.png\" \/>\n\t<meta property=\"og:image:width\" content=\"1171\" \/>\n\t<meta property=\"og:image:height\" content=\"1240\" \/>\n<meta name=\"twitter:card\" content=\"summary\" \/>\n<meta name=\"twitter:label1\" content=\"Odhadovan\u00e1 doba \u010dten\u00ed\">\n\t<meta name=\"twitter:data1\" content=\"1 minuta\">\n<script type=\"application\/ld+json\" class=\"yoast-schema-graph\">{\"@context\":\"https:\/\/schema.org\",\"@graph\":[{\"@type\":\"WebSite\",\"@id\":\"https:\/\/www.novalimglutenfree.com\/de\/#website\",\"url\":\"https:\/\/www.novalimglutenfree.com\/de\/\",\"name\":\"Novalim\",\"description\":\"Bezlepkov\\u00e9 potraviny, bezlepkov\\u00e9 recepty, celiakia, PKU\",\"potentialAction\":[{\"@type\":\"SearchAction\",\"target\":\"https:\/\/www.novalimglutenfree.com\/de\/?s={search_term_string}\",\"query-input\":\"required name=search_term_string\"}],\"inLanguage\":\"cs\"},{\"@type\":\"ImageObject\",\"@id\":\"https:\/\/www.novalimglutenfree.com\/cs\/obchod\/cestoviny-cs\/bezlepkove-cestoviny-cs\/bezlepkove-cestoviny-procel-abeceda\/#primaryimage\",\"inLanguage\":\"cs\",\"url\":\"https:\/\/www.novalimglutenfree.com\/wp-content\/uploads\/2016\/05\/02-2019_NOVALIM_cestoviny_hruby-mockup_pismenka.png\",\"width\":1171,\"height\":1240},{\"@type\":\"WebPage\",\"@id\":\"https:\/\/www.novalimglutenfree.com\/cs\/obchod\/cestoviny-cs\/bezlepkove-cestoviny-cs\/bezlepkove-cestoviny-procel-abeceda\/#webpage\",\"url\":\"https:\/\/www.novalimglutenfree.com\/cs\/obchod\/cestoviny-cs\/bezlepkove-cestoviny-cs\/bezlepkove-cestoviny-procel-abeceda\/\",\"name\":\"Bezlepkov\\u00e9 t\\u011bstoviny PROCEL - abeceda - Novalim\",\"isPartOf\":{\"@id\":\"https:\/\/www.novalimglutenfree.com\/de\/#website\"},\"primaryImageOfPage\":{\"@id\":\"https:\/\/www.novalimglutenfree.com\/cs\/obchod\/cestoviny-cs\/bezlepkove-cestoviny-cs\/bezlepkove-cestoviny-procel-abeceda\/#primaryimage\"},\"datePublished\":\"2016-05-06T07:40:46+00:00\",\"dateModified\":\"2019-09-09T13:02:30+00:00\",\"inLanguage\":\"cs\",\"potentialAction\":[{\"@type\":\"ReadAction\",\"target\":[\"https:\/\/www.novalimglutenfree.com\/cs\/obchod\/cestoviny-cs\/bezlepkove-cestoviny-cs\/bezlepkove-cestoviny-procel-abeceda\/\"]}]}]}<\/script>\n<!-- \/ Yoast SEO plugin. -->","_links":{"self":[{"href":"https:\/\/www.novalimglutenfree.com\/cs\/wp-json\/wp\/v2\/product\/6094"}],"collection":[{"href":"https:\/\/www.novalimglutenfree.com\/cs\/wp-json\/wp\/v2\/product"}],"about":[{"href":"https:\/\/www.novalimglutenfree.com\/cs\/wp-json\/wp\/v2\/types\/product"}],"replies":[{"embeddable":true,"href":"https:\/\/www.novalimglutenfree.com\/cs\/wp-json\/wp\/v2\/comments?post=6094"}],"version-history":[{"count":0,"href":"https:\/\/www.novalimglutenfree.com\/cs\/wp-json\/wp\/v2\/product\/6094\/revisions"}],"wp:featuredmedia":[{"embeddable":true,"href":"https:\/\/www.novalimglutenfree.com\/cs\/wp-json\/wp\/v2\/media\/11070"}],"wp:attachment":[{"href":"https:\/\/www.novalimglutenfree.com\/cs\/wp-json\/wp\/v2\/media?parent=6094"}],"curies":[{"name":"wp","href":"https:\/\/api.w.org\/{rel}","templated":true}]}}