{"id":6056,"date":"2016-11-07T00:24:53","date_gmt":"2016-11-06T22:24:53","guid":{"rendered":"http:\/\/novalimglutenfree.com\/obchod\/nezaraden\u00e9\/linsi-bezglutenovy-chlieb-s-lanom\/"},"modified":"2018-11-21T11:34:57","modified_gmt":"2018-11-21T09:34:57","slug":"linsi-bezglutenovy-chlieb-s-lanom","status":"publish","type":"product","link":"https:\/\/www.novalimglutenfree.com\/cs\/obchod\/chleb-pecivo-cs\/bezlepkovy-chleb-pecivo-cs\/linsi-bezglutenovy-chlieb-s-lanom\/","title":{"rendered":"LINSI bezlepkov\u00fd chl\u00e9b s \u013enem"},"content":{"rendered":"<p>LINSI \u2013 celozrnn\u00fd, bezlepkov\u00fd chl\u00e9b s lnem a miner\u00e1ln\u00edm komplexem z mo\u0159sk\u00fdch \u0159as<\/p>\n<p>Potravina speci\u00e1ln\u011b p\u0159ipravena pro osoby s nesn\u00e1\u0161enlivost\u00ed lepku. Vyrobena <strong>z p\u0159irozen\u011b bezlepkov\u00fdch<\/strong> a bezp\u0161eni\u010dn\u00fdch surovin. (gluten &lt; 20mg\/kg)<\/p>\n<p>Baleno v ochrann\u00e9 atmosf\u00e9\u0159e.<br \/>\nBalen\u00ed: 90 dn\u016f<br \/>\nHmotnost: 300 g<br \/>\nPo otev\u0159en\u00ed spotrebujte do 3 dn\u016f.<\/p>\n<p>Slo\u017een\u00ed:<br \/>\nvoda, bramborov\u00fd \u0161krob, kuku\u0159i\u010dn\u00fd \u0161krob, r\u00fd\u017eov\u00e1 mouka, ln\u011bn\u00fd \u0161rot, slune\u010dnicov\u00e1 a d\u00fd\u0148ov\u00e1 sem\u00ednka, pohankov\u00e1 mouka, bramborov\u00e1 mouka, rostlinn\u00e1 vl\u00e1knina \u2013 jable\u010dn\u00e1, psyllium;<br \/>\ndextr\u00f3za, hrachov\u00e1 b\u00edlkovina, peka\u0159sk\u00e9 dro\u017ed\u00ed, zahu\u0161\u0165ovadlo: guarov\u00e1 mouka, hydroxypropylmetylcelul\u00f3za, jedl\u00e1 s\u016fl, fermentovan\u00fd cukr, miner\u00e1ln\u00ed komplex, enzym.<\/p>\n<p>100 g v\u00fdrobku pr\u016fm\u011brn\u011b obsahuje:<br \/>\n<strong>Energetick\u00e1 hodnota:<\/strong> 1029 kJ, 244 kcal;<strong> Tuky:<\/strong> 4,7 g z toho 0,4 g nasycen\u00e9 mastn\u00e9 kyseliny; <strong>Sacharidy:<\/strong> 43,9 g z toho 2,0 g cukry; <strong>Vl\u00e1knina:<\/strong> 5,1 g; <strong>B\u00edlkoviny:<\/strong> 4,0 g;<strong> S\u016fl:<\/strong> 1,0 g; <strong>V\u00e1pnik:<\/strong> 120 mg; <strong>Hor\u010d\u00edk:<\/strong> 10 mg;<\/p>\n","protected":false},"excerpt":{"rendered":"<p>LINSI \u2013 celozrnn\u00fd, bezlepkov\u00fd chl\u00e9b s lnem a miner\u00e1ln\u00edm komplexem z mo\u0159sk\u00fdch \u0159as<\/p>\n<p>Potravina speci\u00e1ln\u011b p\u0159ipravena pro osoby s nesn\u00e1\u0161enlivost\u00ed lepku. Vyrobena <strong>z p\u0159irozen\u011b bezlepkov\u00fdch<\/strong> a bezp\u0161eni\u010dn\u00fdch surovin. (gluten &lt; 20mg\/kg)<\/p>\n<p>Baleno v ochrann\u00e9 atmosf\u00e9\u0159e.<br \/>\nBalen\u00ed: 90 dn\u016f<br \/>\nHmotnost: 300 g<\/p>\n","protected":false},"featured_media":9174,"comment_status":"open","ping_status":"closed","template":"","meta":[],"yoast_head":"<!-- This site is optimized with the Yoast SEO plugin v15.7 - https:\/\/yoast.com\/wordpress\/plugins\/seo\/ -->\n<title>LINSI bezlepkov\u00fd chl\u00e9b s \u013enem - Novalim<\/title>\n<meta name=\"description\" content=\"LINSI \u2013 celozrnn\u00fd, bezglut\u00e9nov\u00fd chlieb s \u013eanom a miner\u00e1lnym komplexom z morsk\u00fdch rias, 300 g\" \/>\n<meta name=\"robots\" content=\"index, follow, max-snippet:-1, max-image-preview:large, max-video-preview:-1\" \/>\n<link rel=\"canonical\" href=\"https:\/\/novalimglutenfree.com\/cs\/obchod\/chleb-pecivo-cs\/bezlepkovy-chleb-pecivo-cs\/linsi-bezglutenovy-chlieb-s-lanom\/\" \/>\n<meta property=\"og:locale\" content=\"cs_CZ\" \/>\n<meta property=\"og:type\" content=\"article\" \/>\n<meta property=\"og:title\" content=\"LINSI bezlepkov\u00fd chl\u00e9b s \u013enem - Novalim\" \/>\n<meta property=\"og:description\" content=\"LINSI \u2013 celozrnn\u00fd, bezglut\u00e9nov\u00fd chlieb s \u013eanom a miner\u00e1lnym komplexom z morsk\u00fdch rias, 300 g\" \/>\n<meta property=\"og:url\" content=\"https:\/\/novalimglutenfree.com\/cs\/obchod\/chleb-pecivo-cs\/bezlepkovy-chleb-pecivo-cs\/linsi-bezglutenovy-chlieb-s-lanom\/\" \/>\n<meta property=\"og:site_name\" content=\"Novalim\" \/>\n<meta property=\"article:modified_time\" content=\"2018-11-21T09:34:57+00:00\" \/>\n<meta property=\"og:image\" content=\"https:\/\/www.novalimglutenfree.com\/wp-content\/uploads\/2016\/11\/chlieb_Linsi.jpg\" \/>\n\t<meta property=\"og:image:width\" content=\"1036\" \/>\n\t<meta property=\"og:image:height\" content=\"1050\" \/>\n<meta name=\"twitter:card\" content=\"summary\" \/>\n<meta name=\"twitter:label1\" content=\"Odhadovan\u00e1 doba \u010dten\u00ed\">\n\t<meta name=\"twitter:data1\" content=\"1 minuta\">\n<script type=\"application\/ld+json\" class=\"yoast-schema-graph\">{\"@context\":\"https:\/\/schema.org\",\"@graph\":[{\"@type\":\"WebSite\",\"@id\":\"https:\/\/www.novalimglutenfree.com\/de\/#website\",\"url\":\"https:\/\/www.novalimglutenfree.com\/de\/\",\"name\":\"Novalim\",\"description\":\"Bezlepkov\\u00e9 potraviny, bezlepkov\\u00e9 recepty, celiakia, PKU\",\"potentialAction\":[{\"@type\":\"SearchAction\",\"target\":\"https:\/\/www.novalimglutenfree.com\/de\/?s={search_term_string}\",\"query-input\":\"required name=search_term_string\"}],\"inLanguage\":\"cs\"},{\"@type\":\"ImageObject\",\"@id\":\"https:\/\/novalimglutenfree.com\/cs\/obchod\/chleb-pecivo-cs\/bezlepkovy-chleb-pecivo-cs\/linsi-bezglutenovy-chlieb-s-lanom\/#primaryimage\",\"inLanguage\":\"cs\",\"url\":\"https:\/\/www.novalimglutenfree.com\/wp-content\/uploads\/2016\/11\/chlieb_Linsi.jpg\",\"width\":1036,\"height\":1050},{\"@type\":\"WebPage\",\"@id\":\"https:\/\/novalimglutenfree.com\/cs\/obchod\/chleb-pecivo-cs\/bezlepkovy-chleb-pecivo-cs\/linsi-bezglutenovy-chlieb-s-lanom\/#webpage\",\"url\":\"https:\/\/novalimglutenfree.com\/cs\/obchod\/chleb-pecivo-cs\/bezlepkovy-chleb-pecivo-cs\/linsi-bezglutenovy-chlieb-s-lanom\/\",\"name\":\"LINSI bezlepkov\\u00fd chl\\u00e9b s \\u013enem - Novalim\",\"isPartOf\":{\"@id\":\"https:\/\/www.novalimglutenfree.com\/de\/#website\"},\"primaryImageOfPage\":{\"@id\":\"https:\/\/novalimglutenfree.com\/cs\/obchod\/chleb-pecivo-cs\/bezlepkovy-chleb-pecivo-cs\/linsi-bezglutenovy-chlieb-s-lanom\/#primaryimage\"},\"datePublished\":\"2016-11-06T22:24:53+00:00\",\"dateModified\":\"2018-11-21T09:34:57+00:00\",\"description\":\"LINSI \\u2013 celozrnn\\u00fd, bezglut\\u00e9nov\\u00fd chlieb s \\u013eanom a miner\\u00e1lnym komplexom z morsk\\u00fdch rias, 300 g\",\"inLanguage\":\"cs\",\"potentialAction\":[{\"@type\":\"ReadAction\",\"target\":[\"https:\/\/novalimglutenfree.com\/cs\/obchod\/chleb-pecivo-cs\/bezlepkovy-chleb-pecivo-cs\/linsi-bezglutenovy-chlieb-s-lanom\/\"]}]}]}<\/script>\n<!-- \/ Yoast SEO plugin. -->","_links":{"self":[{"href":"https:\/\/www.novalimglutenfree.com\/cs\/wp-json\/wp\/v2\/product\/6056"}],"collection":[{"href":"https:\/\/www.novalimglutenfree.com\/cs\/wp-json\/wp\/v2\/product"}],"about":[{"href":"https:\/\/www.novalimglutenfree.com\/cs\/wp-json\/wp\/v2\/types\/product"}],"replies":[{"embeddable":true,"href":"https:\/\/www.novalimglutenfree.com\/cs\/wp-json\/wp\/v2\/comments?post=6056"}],"version-history":[{"count":1,"href":"https:\/\/www.novalimglutenfree.com\/cs\/wp-json\/wp\/v2\/product\/6056\/revisions"}],"predecessor-version":[{"id":9783,"href":"https:\/\/www.novalimglutenfree.com\/cs\/wp-json\/wp\/v2\/product\/6056\/revisions\/9783"}],"wp:featuredmedia":[{"embeddable":true,"href":"https:\/\/www.novalimglutenfree.com\/cs\/wp-json\/wp\/v2\/media\/9174"}],"wp:attachment":[{"href":"https:\/\/www.novalimglutenfree.com\/cs\/wp-json\/wp\/v2\/media?parent=6056"}],"curies":[{"name":"wp","href":"https:\/\/api.w.org\/{rel}","templated":true}]}}